{"id":27,"date":"2014-07-01T10:45:04","date_gmt":"2014-07-01T08:45:04","guid":{"rendered":"https:\/\/pre-con.hu\/de\/?page_id=27"},"modified":"2014-07-02T16:23:21","modified_gmt":"2014-07-02T14:23:21","slug":"cv-von-zsofia-edit-hajdu","status":"publish","type":"page","link":"https:\/\/pre-con.hu\/de\/cv-von-zsofia-edit-hajdu\/","title":{"rendered":"CV von Zs\u00f3fia Edit Hajdu"},"content":{"rendered":"<table border=\"0\">\n<tbody>\n<tr>\n<td><strong>Name: <\/strong><\/td>\n<td>\u00a0Hajdu, Zs\u00f3fia Edit<\/td>\n<\/tr>\n<tr>\n<td><strong>Adresse:<\/strong><\/td>\n<td>\u00a0H-1077 Budapest, Baross t\u00e9r 14., Ungarn<\/td>\n<\/tr>\n<tr>\n<td><strong>TelefonNr: <br \/><\/strong><\/td>\n<td>\u00a00036-20-3444 368<\/td>\n<\/tr>\n<tr>\n<td><strong>E-mail: <br \/><\/strong><\/td>\n<td>\u00a0info@pre-con.hu<\/td>\n<\/tr>\n<tr>\n<td><strong>Geburtsort: <\/strong><\/td>\n<td>\u00a0Budapest<\/td>\n<\/tr>\n<tr>\n<td><strong>Geburtsdatum: <br \/><\/strong><\/td>\n<td>\u00a009. 03. 1968.<\/td>\n<\/tr>\n<tr>\n<td>\u00a0<\/td>\n<td>\u00a0<\/td>\n<\/tr>\n<tr>\n<td>\u00a0<\/td>\n<td>\u00a0<\/td>\n<\/tr>\n<tr>\n<td><strong>Ausbildung:<\/strong><\/td>\n<td>\u00a0<\/td>\n<\/tr>\n<tr>\n<td><strong>1990-1996 <\/strong><\/td>\n<td><strong>Ungarische Universit\u00e4t der bildenden K\u00fcnste Fakult\u00e4t: Musealer und Sammlung &#8211; Gegenstandrestaurator<\/strong><br \/><strong>Fach:<\/strong> Papier und Leder<br \/><strong>Diplom:<\/strong> Restauratork\u00fcnstlerin<\/td>\n<\/tr>\n<tr>\n<td>\u00a0<\/td>\n<td>\u00a0<\/td>\n<\/tr>\n<tr>\n<td><strong>1987-1990 <\/strong><\/td>\n<td><strong>Ungarische Fachmittelschule f\u00fcr die bildenden K\u00fcnste und Kunstgewerbe, Nationale Sz\u00e9chenyi Bibliothek- Soros Stiftung<\/strong><br \/><strong>Diplom:<\/strong> Papier-und Buchrestauratorin (Mittelstufe)<\/td>\n<\/tr>\n<tr>\n<td>\u00a0<\/td>\n<td>\u00a0<\/td>\n<\/tr>\n<tr>\n<td><strong>1982-1986<\/strong><\/td>\n<td><strong>Martos Fl\u00f3ra Gymnasium &#8211; Abitur<\/strong><\/td>\n<\/tr>\n<tr>\n<td>\u00a0<\/td>\n<td>\u00a0<\/td>\n<\/tr>\n<tr>\n<td>\u00a0<\/td>\n<td>\u00a0<\/td>\n<\/tr>\n<tr>\n<td style=\"text-align: left;\"><strong>Beruflicher Werdegang:<\/strong><\/td>\n<td>\u00a0<\/td>\n<\/tr>\n<tr>\n<td><strong>seit 2012 06.20.<\/strong><\/td>\n<td><strong>PRE-CON Restaur\u00e1tor GmbH (In 2003 gegr\u00fcndete Pre-con Restaur\u00e1tor Bt. ihres Nachfolger)<\/strong><br \/><strong>T\u00e4tigkeistbereich: <\/strong> Restaurierung, pr\u00e4ventive Konservierung, Kulturgutschutz<br \/><strong>Posten:<\/strong> Gesch\u00e4ftsf\u00fchrerin, f\u00fchrende Restauratorin<\/td>\n<\/tr>\n<tr>\n<td>\u00a0<\/td>\n<td>\u00a0<\/td>\n<\/tr>\n<tr>\n<td><strong>2003.11.24. &#8211; 2012.06.20.<\/strong><\/td>\n<td><strong>Pre-Con Restaurator Bt.<\/strong><br \/><strong>T\u00e4tigkeistbereich: <\/strong>  Restaurierung, pr\u00e4ventive Konservierung, Kulturgutschutz<br \/><strong>Posten:<\/strong>Gesch\u00e4ftsf\u00fchrerin, f\u00fchrende Restauratorin<\/td>\n<\/tr>\n<tr>\n<td>\u00a0<\/td>\n<td>\u00a0<\/td>\n<\/tr>\n<tr>\n<td><strong>1998 &#8211; 2004<\/strong><\/td>\n<td><strong>Museumsystems GmbH<\/strong><br \/><strong>T\u00e4tigkeitsbereich:<\/strong>Restaurierung, pr\u00e4ventive Konservierung, Kulturgutschutz, Ungarische Vertretung von Glasbau Hahn GmbH + CoKG Frankfurt\/Main (Planung und Vertreibung von Ganzglas-Vitrinen)<br \/><strong>Posten:<\/strong> Gesch\u00e4ftsf\u00fchrerin, f\u00fchrende Restauratorin<\/td>\n<\/tr>\n<tr>\n<td>\u00a0<\/td>\n<td>\u00a0<\/td>\n<\/tr>\n<tr>\n<td><strong>1992-1998<\/strong><\/td>\n<td><strong>Faber Ligni Restaurator KKT.<\/strong><br \/><strong>T\u00e4tigkeitsbereich:<\/strong> Restaurierung, pr\u00e4ventive Konservierung<br \/><strong>Posten:<\/strong> Gesch\u00e4ftsf\u00fchrerin, f\u00fchrende Restauratorin<\/td>\n<\/tr>\n<tr>\n<td>\u00a0<\/td>\n<td>\u00a0<\/td>\n<\/tr>\n<tr>\n<td><strong>1987-1992<\/strong><\/td>\n<td><strong>Nationale Sz\u00e9chenyi Bibliothek,  &#8222;Soros&#8221; Restaurator -Werkstatt <\/strong><br \/><strong>T\u00e4tigkeitsbereich:<\/strong> Papier- und Buchrestaurierung<br \/><strong>Posten:<\/strong>Restauratorin<\/td>\n<\/tr>\n<\/tbody>\n<\/table>\n<p><strong><\/strong><\/p>\n","protected":false},"excerpt":{"rendered":"<p>Name: \u00a0Hajdu, Zs\u00f3fia Edit Adresse: \u00a0H-1077 Budapest, Baross t\u00e9r 14., Ungarn TelefonNr: \u00a00036-20-3444 368 E-mail: \u00a0info@pre-con.hu Geburtsort: \u00a0Budapest Geburtsdatum: \u00a009. 03. 1968. \u00a0 \u00a0 \u00a0 \u00a0 Ausbildung: \u00a0 1990-1996 Ungarische Universit\u00e4t der bildenden K\u00fcnste Fakult\u00e4t: Musealer und Sammlung &#8211; GegenstandrestauratorFach:&hellip;<\/p>\n","protected":false},"author":1,"featured_media":0,"parent":0,"menu_order":0,"comment_status":"open","ping_status":"open","template":"","meta":{"footnotes":""},"class_list":["post-27","page","type-page","status-publish","hentry"],"aioseo_notices":[],"_links":{"self":[{"href":"https:\/\/pre-con.hu\/de\/wp-json\/wp\/v2\/pages\/27","targetHints":{"allow":["GET"]}}],"collection":[{"href":"https:\/\/pre-con.hu\/de\/wp-json\/wp\/v2\/pages"}],"about":[{"href":"https:\/\/pre-con.hu\/de\/wp-json\/wp\/v2\/types\/page"}],"author":[{"embeddable":true,"href":"https:\/\/pre-con.hu\/de\/wp-json\/wp\/v2\/users\/1"}],"replies":[{"embeddable":true,"href":"https:\/\/pre-con.hu\/de\/wp-json\/wp\/v2\/comments?post=27"}],"version-history":[{"count":12,"href":"https:\/\/pre-con.hu\/de\/wp-json\/wp\/v2\/pages\/27\/revisions"}],"predecessor-version":[{"id":93,"href":"https:\/\/pre-con.hu\/de\/wp-json\/wp\/v2\/pages\/27\/revisions\/93"}],"wp:attachment":[{"href":"https:\/\/pre-con.hu\/de\/wp-json\/wp\/v2\/media?parent=27"}],"curies":[{"name":"wp","href":"https:\/\/api.w.org\/{rel}","templated":true}]}}