{"id":29,"date":"2014-07-01T12:03:04","date_gmt":"2014-07-01T10:03:04","guid":{"rendered":"https:\/\/pre-con.hu\/fr\/?page_id=29"},"modified":"2014-07-01T21:51:28","modified_gmt":"2014-07-01T19:51:28","slug":"hajdu-zsofia-edit-resume","status":"publish","type":"page","link":"https:\/\/pre-con.hu\/fr\/hajdu-zsofia-edit-resume\/","title":{"rendered":"Hajd\u00fa Zs\u00f3fia Edit &#8211; R\u00e9sum\u00e9"},"content":{"rendered":"<table border=\"0\">\n<tbody>\n<tr>\nSituation personnelle<\/p>\n<tr>\n<td><strong>Nom:<\/strong><\/td>\n<td>\u00a0Hajdu Zs\u00f3fia Edit<\/td>\n<\/tr>\n<tr>\n<td><strong>Adresse:<\/strong><\/td>\n<td>\u00a01077 Budapest, Baross t\u00e9r 14. Hongrie<\/td>\n<\/tr>\n<tr>\n<td><strong>Portable: <br \/><\/strong><\/td>\n<td>\u00a0+36-20-34-44-368<\/td>\n<\/tr>\n<tr>\n<td><strong>Adresse e-mail: <br \/><\/strong><\/td>\n<td>\u00a0info@pre-con.hu<\/td>\n<\/tr>\n<tr>\n<td><strong>Lieu de naissance:<\/strong><\/td>\n<td>\u00a0Budapest, Hongrie<\/td>\n<\/tr>\n<tr>\n<td><strong>Date de naissance: <br \/><\/strong><\/td>\n<td>\u00a09 mars 1968<\/td>\n<\/tr>\n<tr>\n<td>\u00a0<\/td>\n<td>\u00a0<\/td>\n<\/tr>\n<tr>\n<td>\u00a0<\/td>\n<td>\u00a0<\/td>\n<\/tr>\n<tr>\n<td><strong><br \/>\nFormation:<\/strong><\/td>\n<td>\u00a0<\/td>\n<\/tr>\n<tr>\n<td><strong>1990-1996 <\/strong><\/td>\n<td><strong>Universit\u00e9 des Beaux-Arts de la Hongrie<\/strong><br \/><strong><\/strong> D\u00e9partement de la Restauration des Objets de Mus\u00e9e et de Collections publiques<br \/><strong><\/strong> Sp\u00e9cialis\u00e9e en Papier et Cuir<br \/>\n<br \/>Restauratrice dipl\u00f4m\u00e9e<\/td>\n<\/tr>\n<tr>\n<td>\u00a0<\/td>\n<td>\u00a0<\/td>\n<\/tr>\n<tr>\n<td><strong>1987-1990 <\/strong><\/td>\n<td><strong>Lyc\u00e9e Professionnelle des Beaux-Arts et des Arts d\u00e9coratifs, Hongrie<br \/>\n\u2013 Biblioth\u00e8que Nationale Sz\u00e9chenyi \u2013 \u00ab Soros \u00bb Fondation<\/strong><br \/><strong><\/strong> Restauratrice de papiers et livres, niveau interm\u00e9diaire<\/td>\n<\/tr>\n<tr>\n<td>\u00a0<\/td>\n<td>\u00a0<\/td>\n<\/tr>\n<tr>\n<td><strong>1982-1986<\/strong><\/td>\n<td><strong>Lyc\u00e9e Martos Fl\u00f3ra <\/strong><br \/><strong><\/strong>Baccalaur\u00e9at<\/td>\n<\/tr>\n<tr>\n<td>\u00a0<\/td>\n<td>\u00a0<\/td>\n<\/tr>\n<tr>\n<td>\u00a0<\/td>\n<td>\u00a0<\/td>\n<\/tr>\n<tr>\n<td style=\"text-align: left;\"><strong>Exp\u00e9rience professionnelle:<\/strong><\/td>\n<td>\u00a0<\/td>\n<\/tr>\n<tr><\/p>\n<td><strong>2012.06.20-t\u00f3l folyamatosan<\/strong><\/td>\n<td><strong>PRE-CON Restaur\u00e1tor Kft. (jogut\u00f3dja a 2003-ban alap\u00edtott PRE-CON Restaur\u00e1tor Bt.-nek)<\/strong><br \/><strong>tev\u00e9kenys\u00e9gi k\u00f6r:<\/strong> restaur\u00e1l\u00e1s, prevent\u00edv konzerv\u00e1l\u00e1s, m\u0171t\u00e1rgyv\u00e9delem<br \/><strong>beoszt\u00e1s:<\/strong> \u00fcgyvezet\u0151, vezet\u0151 restaur\u00e1tor<\/td>\n<\/tr>\n<tr>\n<td>\u00a0<\/td>\n<td>\u00a0<\/td>\n<\/tr>\n<tr>\n<td><strong>2003- <\/strong><\/td>\n<td><strong>Soci\u00e9t\u00e9 Pre-Con Restaur\u00e1tor <\/strong><br \/><strong>Activit\u00e9s principales:<\/strong> restauration, conservation pr\u00e9ventive, protection des objets d\u2019art<br \/><strong>Position:<\/strong> repr\u00e9sentative,  restauratrice principale<\/td>\n<\/tr>\n<tr>\n<td>\u00a0<\/td>\n<td>\u00a0<\/td>\n<\/tr>\n<tr>\n<td><strong>1998-2004<\/strong><\/td>\n<td><strong>Soci\u00e9t\u00e9 Museumsystems<\/strong><br \/><strong>Activit\u00e9s principales:<\/strong>  restauration, conservation pr\u00e9ventive, protection des objets d\u2019art, repr\u00e9sentative de Glasbau Hahn Gmbh + CoKG en Hongrie, design et distribution des vitrines<br \/><strong>Position:<\/strong> directeur g\u00e9n\u00e9ral, restauratrice principale<\/td>\n<\/tr>\n<tr>\n<td>\u00a0<\/td>\n<td>\u00a0<\/td>\n<\/tr>\n<tr>\n<td><strong>1992-1998<\/strong><\/td>\n<td><strong>Soci\u00e9t\u00e9 Faber Ligni Restaur\u00e1tor<\/strong><br \/><strong>Activit\u00e9s principales:<\/strong> restauration, conservation pr\u00e9ventive<br \/><strong>Position:<\/strong> directeur g\u00e9n\u00e9ral, restauratrice principale<\/td>\n<\/tr>\n<tr>\n<td>\u00a0<\/td>\n<td>\u00a0<\/td>\n<\/tr>\n<tr>\n<td><strong>1987-1992<\/strong><\/td>\n<td><strong>Biblioth\u00e8que Nationale Sz\u00e9chenyi \u2013 \u00ab Soros \u00bb Atelier de Restauration<\/strong><br \/><strong>Activit\u00e9s principales: <\/strong> restauration du papier et des livres<br \/><strong>Position:<\/strong> restauratrice<\/td>\n<\/tr>\n<\/tbody>\n<\/table>\n<p><strong><\/strong> <\/p>\n","protected":false},"excerpt":{"rendered":"<p>Situation personnelle Nom: \u00a0Hajdu Zs\u00f3fia Edit Adresse: \u00a01077 Budapest, Baross t\u00e9r 14. Hongrie Portable: \u00a0+36-20-34-44-368 Adresse e-mail: \u00a0info@pre-con.hu Lieu de naissance: \u00a0Budapest, Hongrie Date de naissance: \u00a09 mars 1968 \u00a0 \u00a0 \u00a0 \u00a0 Formation: \u00a0 1990-1996 Universit\u00e9 des Beaux-Arts de&hellip;<\/p>\n","protected":false},"author":1,"featured_media":0,"parent":0,"menu_order":0,"comment_status":"open","ping_status":"open","template":"","meta":{"footnotes":""},"class_list":["post-29","page","type-page","status-publish","hentry"],"aioseo_notices":[],"_links":{"self":[{"href":"https:\/\/pre-con.hu\/fr\/wp-json\/wp\/v2\/pages\/29","targetHints":{"allow":["GET"]}}],"collection":[{"href":"https:\/\/pre-con.hu\/fr\/wp-json\/wp\/v2\/pages"}],"about":[{"href":"https:\/\/pre-con.hu\/fr\/wp-json\/wp\/v2\/types\/page"}],"author":[{"embeddable":true,"href":"https:\/\/pre-con.hu\/fr\/wp-json\/wp\/v2\/users\/1"}],"replies":[{"embeddable":true,"href":"https:\/\/pre-con.hu\/fr\/wp-json\/wp\/v2\/comments?post=29"}],"version-history":[{"count":2,"href":"https:\/\/pre-con.hu\/fr\/wp-json\/wp\/v2\/pages\/29\/revisions"}],"predecessor-version":[{"id":75,"href":"https:\/\/pre-con.hu\/fr\/wp-json\/wp\/v2\/pages\/29\/revisions\/75"}],"wp:attachment":[{"href":"https:\/\/pre-con.hu\/fr\/wp-json\/wp\/v2\/media?parent=29"}],"curies":[{"name":"wp","href":"https:\/\/api.w.org\/{rel}","templated":true}]}}